{"id":6217,"date":"2020-05-22T08:58:39","date_gmt":"2020-05-22T08:58:39","guid":{"rendered":"https:\/\/herogragroup.com\/prensa\/"},"modified":"2023-07-05T10:08:08","modified_gmt":"2023-07-05T10:08:08","slug":"press","status":"publish","type":"page","link":"https:\/\/herogragroup.com\/en\/press\/","title":{"rendered":"Press"},"content":{"rendered":"<div class=\"wpb-content-wrapper\"><p>[vc_section][vc_row][vc_column][vc_empty_space height=&#8221;100px&#8221;][g5plus_heading align=&#8221;text-center&#8221; google_fonts=&#8221;font_family:Montserrat%3Aregular%2C700|font_style:700%20bold%20regular%3A700%3Anormal&#8221; use_theme_fonts=&#8221;true&#8221; title=&#8221;Press&#8221; des_title=&#8221;Would you like to be part of our communication strategy?&#8221; fs=&#8221;54&#8243;][\/vc_column][\/vc_row][\/vc_section][vc_section][vc_row gap=&#8221;15&#8243;][vc_column css=&#8221;.vc_custom_1592319648101{border-top-width: 1px !important;border-right-width: 1px !important;border-bottom-width: 1px !important;border-left-width: 1px !important;padding-top: 1px !important;padding-right: 1px !important;padding-bottom: 1px !important;padding-left: 1px !important;background-color: #ffffff !important;border-left-color: #96b1a8 !important;border-left-style: solid !important;border-right-color: #96b1a8 !important;border-right-style: solid !important;border-top-color: #96b1a8 !important;border-top-style: solid !important;border-bottom-color: #96b1a8 !important;border-bottom-style: solid !important;}&#8221; offset=&#8221;vc_col-lg-offset-4 vc_col-lg-4 vc_col-md-offset-3 vc_col-md-6&#8243;][vc_column_text]<\/p>\n<p style=\"text-align: center; font-size: 20px;\"><span style=\"color: #3f4968;\"><strong><span style=\"color: #001a72;\">Marketing Department<\/span><br \/>\n<\/strong><\/span><\/p>\n<p style=\"text-align: center;\">Herogra Group<br \/>\n<span style=\"color: #8bb5a2;\"><a href=\"marketing@herogra.com\"><span style=\"color: #009f4d;\">marketing@herogra.com<\/span><\/a><br \/>\n<\/span>+34 958 490 002<\/p>\n<p>[\/vc_column_text][\/vc_column][\/vc_row][\/vc_section][vc_row][vc_column][vc_empty_space height=&#8221;100px&#8221;][g5plus_heading align=&#8221;text-center&#8221; title=&#8221;Find out the latest news about Herogra Group in the press.&#8221;][\/vc_column][\/vc_row][vc_section][vc_row][vc_column][vc_empty_space height=&#8221;60px&#8221;][\/vc_column][\/vc_row][vc_row][vc_column offset=&#8221;vc_col-lg-offset-2 vc_col-lg-8 vc_col-md-offset-1 vc_col-md-10&#8243;][vc_row_inner][vc_column_inner width=&#8221;1\/2&#8243;][vc_column_text]<span style=\"color: #001a72;\"><strong>EXTREMADURA 21<\/strong><\/span>[\/vc_column_text][\/vc_column_inner][vc_column_inner width=&#8221;1\/2&#8243;][vc_column_text]<\/p>\n<p style=\"text-align: right;\"><span style=\"color: #009f4d;\">03\/04\/2023<\/span><\/p>\n<p>[\/vc_column_text][\/vc_column_inner][\/vc_row_inner][vc_row_inner][vc_column_inner][vc_column_text]<\/p>\n<h3 class=\"vc_custom_heading\"><a href=\"https:\/\/extremadura21.com\/2023\/04\/05\/herogra-group-refuerza-su-expansion-internacional-con-la-apertura-de-su-nueva-filial-en-honduras\/\"> Herogra Group refuerza su expansi\u00f3n internacional con la apertura de su filial en Honduras<\/a><\/h3>\n<p>[\/vc_column_text][vc_empty_space height=&#8221;62px&#8221;][\/vc_column_inner][\/vc_row_inner][\/vc_column][\/vc_row][vc_row][vc_column offset=&#8221;vc_col-lg-offset-2 vc_col-lg-8 vc_col-md-offset-1 vc_col-md-10&#8243;][vc_row_inner][vc_column_inner width=&#8221;1\/2&#8243;][vc_column_text]<span style=\"color: #001a72;\"><strong>ECOMERCIO AGRARIO<\/strong><\/span>[\/vc_column_text][\/vc_column_inner][vc_column_inner width=&#8221;1\/2&#8243;][vc_column_text]<\/p>\n<p style=\"text-align: right;\"><span style=\"color: #009f4d;\">03\/04\/2023<\/span><\/p>\n<p>[\/vc_column_text][\/vc_column_inner][\/vc_row_inner][vc_row_inner][vc_column_inner][vc_column_text]<\/p>\n<h3 class=\"vc_custom_heading\"><a href=\"https:\/\/ecomercioagrario.com\/herogra-group-refuerza-su-internacionalizacion-con-una-filial-en-honduras\/\"> Herogra Group refuerza su expansi\u00f3n internacional con la apertura de su filial en Honduras<\/a><\/h3>\n<p>[\/vc_column_text][vc_empty_space height=&#8221;62px&#8221;][\/vc_column_inner][\/vc_row_inner][\/vc_column][\/vc_row][vc_row][vc_column offset=&#8221;vc_col-lg-offset-2 vc_col-lg-8 vc_col-md-offset-1 vc_col-md-10&#8243;][vc_row_inner][vc_column_inner width=&#8221;1\/2&#8243;][vc_column_text]<span style=\"color: #001a72;\"><strong>CAMPO CYL<\/strong><\/span>[\/vc_column_text][\/vc_column_inner][vc_column_inner width=&#8221;1\/2&#8243;][vc_column_text]<\/p>\n<p style=\"text-align: right;\"><span style=\"color: #009f4d;\">04\/04\/2023<\/span><\/p>\n<p>[\/vc_column_text][\/vc_column_inner][\/vc_row_inner][vc_row_inner][vc_column_inner][vc_column_text]<\/p>\n<h3 class=\"vc_custom_heading\"><a href=\"https:\/\/www.campocyl.es\/empresas\/herogra-group-refuerza-su-expansion-internacional-con-la-apertura-de-su-filial-en-honduras\/\"> Herogra Group refuerza su expansi\u00f3n internacional con la apertura de su filial en Honduras<\/a><\/h3>\n<p>[\/vc_column_text][vc_empty_space height=&#8221;62px&#8221;][\/vc_column_inner][\/vc_row_inner][\/vc_column][\/vc_row][vc_row][vc_column offset=&#8221;vc_col-lg-offset-2 vc_col-lg-8 vc_col-md-offset-1 vc_col-md-10&#8243;][vc_row_inner][vc_column_inner width=&#8221;1\/2&#8243;][vc_column_text]<span style=\"color: #001a72;\"><strong>AEVAE<\/strong><\/span>[\/vc_column_text][\/vc_column_inner][vc_column_inner width=&#8221;1\/2&#8243;][vc_column_text]<\/p>\n<p style=\"text-align: right;\"><span style=\"color: #009f4d;\">03\/04\/2023<\/span><\/p>\n<p>[\/vc_column_text][\/vc_column_inner][\/vc_row_inner][vc_row_inner][vc_column_inner][vc_column_text]<\/p>\n<h3 class=\"vc_custom_heading\"><a href=\"https:\/\/www.aevae.net\/nueva-filial-de-herogra-group-en-honduras\/\">Nueva filial de Herogra Group en Honduras<\/a><\/h3>\n<p>[\/vc_column_text][vc_empty_space height=&#8221;62px&#8221;][\/vc_column_inner][\/vc_row_inner][\/vc_column][\/vc_row][vc_row][vc_column offset=&#8221;vc_col-lg-offset-2 vc_col-lg-8 vc_col-md-offset-1 vc_col-md-10&#8243;][vc_row_inner][vc_column_inner width=&#8221;1\/2&#8243;][vc_column_text]<span style=\"color: #001a72;\"><strong>PORTAL TECNOAGR\u00cdCOLA\u00a0<\/strong><\/span>[\/vc_column_text][\/vc_column_inner][vc_column_inner width=&#8221;1\/2&#8243;][vc_column_text]<\/p>\n<p style=\"text-align: right;\"><span style=\"color: #009f4d;\">03\/04\/2023<\/span><\/p>\n<p>[\/vc_column_text][\/vc_column_inner][\/vc_row_inner][vc_row_inner][vc_column_inner][vc_column_text]<\/p>\n<h3 class=\"vc_custom_heading\"><a href=\"https:\/\/noticiastecnoagricola.com\/herogra-group-refuerza-su-expansion-internacional-con-la-apertura-de-su-nueva-filial-en-honduras\/\">Herogra Group refuerza su expansi\u00f3n internacional con la apertura de su nueva filial en Honduras<\/a><\/h3>\n<p>[\/vc_column_text][vc_empty_space height=&#8221;62px&#8221;][\/vc_column_inner][\/vc_row_inner][\/vc_column][\/vc_row][vc_row][vc_column offset=&#8221;vc_col-lg-offset-2 vc_col-lg-8 vc_col-md-offset-1 vc_col-md-10&#8243;][vc_row_inner][vc_column_inner width=&#8221;1\/2&#8243;][vc_column_text]<span style=\"color: #001a72;\"><strong>COPE<\/strong><\/span>[\/vc_column_text][\/vc_column_inner][vc_column_inner width=&#8221;1\/2&#8243;][vc_column_text]<\/p>\n<p style=\"text-align: right;\"><span style=\"color: #009f4d;\">03\/04\/2023<\/span><\/p>\n<p>[\/vc_column_text][\/vc_column_inner][\/vc_row_inner][vc_row_inner][vc_column_inner][vc_column_text]<\/p>\n<h3 class=\"vc_custom_heading\"><a href=\"https:\/\/granadaeconomica.es\/2023\/04\/04\/004-141\/\">Herogra Group refuerza su expansi\u00f3n internacional con la apertura de su nueva filial en Honduras<\/a><\/h3>\n<p>[\/vc_column_text][vc_empty_space height=&#8221;62px&#8221;][\/vc_column_inner][\/vc_row_inner][\/vc_column][\/vc_row][vc_row][vc_column offset=&#8221;vc_col-lg-offset-2 vc_col-lg-8 vc_col-md-offset-1 vc_col-md-10&#8243;][vc_row_inner][vc_column_inner width=&#8221;1\/2&#8243;][vc_column_text]<span style=\"color: #001a72;\"><strong>GRANADA ECON\u00d3MICA<\/strong><\/span>[\/vc_column_text][\/vc_column_inner][vc_column_inner width=&#8221;1\/2&#8243;][vc_column_text]<\/p>\n<p style=\"text-align: right;\"><span style=\"color: #009f4d;\">03\/04\/2023<\/span><\/p>\n<p>[\/vc_column_text][\/vc_column_inner][\/vc_row_inner][vc_row_inner][vc_column_inner][vc_column_text]<\/p>\n<h3 class=\"vc_custom_heading\"><a href=\"https:\/\/granadaeconomica.es\/2023\/04\/04\/004-141\/\">Herogra Group refuerza su expansi\u00f3n internacional con la apertura de su nueva filial en Honduras<\/a><\/h3>\n<p>[\/vc_column_text][vc_empty_space height=&#8221;62px&#8221;][\/vc_column_inner][\/vc_row_inner][\/vc_column][\/vc_row][vc_row][vc_column offset=&#8221;vc_col-lg-offset-2 vc_col-lg-8 vc_col-md-offset-1 vc_col-md-10&#8243;][vc_row_inner][vc_column_inner width=&#8221;1\/2&#8243;][vc_column_text]<span style=\"color: #001a72;\"><strong>GRANADA HOY\u00a0<\/strong><\/span>[\/vc_column_text][\/vc_column_inner][vc_column_inner width=&#8221;1\/2&#8243;][vc_column_text]<\/p>\n<p style=\"text-align: right;\"><span style=\"color: #009f4d;\">03\/04\/2023<\/span><\/p>\n<p>[\/vc_column_text][\/vc_column_inner][\/vc_row_inner][vc_row_inner][vc_column_inner][vc_column_text]<\/p>\n<h3 class=\"vc_custom_heading\"><a href=\"https:\/\/www.granadahoy.com\/agr_andalucia\/agropecuario\/Herogra-Group-expansion-internacional-Honduras_0_1780622687.html\">Herogra Group refuerza su expansi\u00f3n internacional con la apertura de su nueva filial en Honduras<\/a><\/h3>\n<p>[\/vc_column_text][vc_empty_space height=&#8221;62px&#8221;][\/vc_column_inner][\/vc_row_inner][\/vc_column][\/vc_row][vc_row][vc_column offset=&#8221;vc_col-lg-offset-2 vc_col-lg-8 vc_col-md-offset-1 vc_col-md-10&#8243;][vc_row_inner][vc_column_inner width=&#8221;1\/2&#8243;][vc_column_text]<span style=\"color: #001a72;\"><strong>AGRONEGOCIOS<\/strong><\/span>[\/vc_column_text][\/vc_column_inner][vc_column_inner width=&#8221;1\/2&#8243;][vc_column_text]<\/p>\n<p style=\"text-align: right;\"><span style=\"color: #009f4d;\">29\/06\/2022<\/span><\/p>\n<p>[\/vc_column_text][\/vc_column_inner][\/vc_row_inner][vc_row_inner][vc_column_inner][vc_column_text]<\/p>\n<h3 class=\"vc_custom_heading\"><a href=\"https:\/\/www.agronegocios.es\/herogra-group-construira-su-primera-planta-de-hidrogeno-verde\/\">Herogra Group invertir\u00e1 1,7 millones de euros en su primera planta de hidr\u00f3geno verde<\/a><\/h3>\n<p>[\/vc_column_text][vc_empty_space height=&#8221;62px&#8221;][\/vc_column_inner][\/vc_row_inner][\/vc_column][\/vc_row][vc_row][vc_column offset=&#8221;vc_col-lg-offset-2 vc_col-lg-8 vc_col-md-offset-1 vc_col-md-10&#8243;][vc_row_inner][vc_column_inner width=&#8221;1\/2&#8243;][vc_column_text]<span style=\"color: #001a72;\"><strong>AEVAE<\/strong><\/span>[\/vc_column_text][\/vc_column_inner][vc_column_inner width=&#8221;1\/2&#8243;][vc_column_text]<\/p>\n<p style=\"text-align: right;\"><span style=\"color: #009f4d;\">29\/06\/2022<\/span><\/p>\n<p>[\/vc_column_text][\/vc_column_inner][\/vc_row_inner][vc_row_inner][vc_column_inner][vc_column_text]<\/p>\n<h3 class=\"vc_custom_heading\"><a href=\"https:\/\/www.aevae.net\/herogra-group-y-su-primera-planta-de-hidrogeno-verde\/\">Herogra Group invertir\u00e1 1,7 millones de euros en su primera planta de hidr\u00f3geno verde<\/a><\/h3>\n<p>[\/vc_column_text][vc_empty_space height=&#8221;62px&#8221;][\/vc_column_inner][\/vc_row_inner][\/vc_column][\/vc_row][vc_row][vc_column offset=&#8221;vc_col-lg-offset-2 vc_col-lg-8 vc_col-md-offset-1 vc_col-md-10&#8243;][vc_row_inner][vc_column_inner width=&#8221;1\/2&#8243;][vc_column_text]<span style=\"color: #001a72;\"><strong>OLIMERCA<\/strong><\/span>[\/vc_column_text][\/vc_column_inner][vc_column_inner width=&#8221;1\/2&#8243;][vc_column_text]<\/p>\n<p style=\"text-align: right;\"><span style=\"color: #009f4d;\">29\/06\/2022<\/span><\/p>\n<p>[\/vc_column_text][\/vc_column_inner][\/vc_row_inner][vc_row_inner][vc_column_inner][vc_column_text]<\/p>\n<h3 class=\"vc_custom_heading\"><a href=\"https:\/\/www.olimerca.com\/noticiadet\/herogra-group-invertira-17mm-en-su-primera-planta-de-hidrogeno-verde\/1c69c25ba23dde2ba5354930c14863a9\">Herogra Group invertir\u00e1 1,7 millones de euros en su primera planta de hidr\u00f3geno verde<\/a><\/h3>\n<p>[\/vc_column_text][vc_empty_space height=&#8221;62px&#8221;][\/vc_column_inner][\/vc_row_inner][\/vc_column][\/vc_row][vc_row][vc_column offset=&#8221;vc_col-lg-offset-2 vc_col-lg-8 vc_col-md-offset-1 vc_col-md-10&#8243;][vc_row_inner][vc_column_inner width=&#8221;1\/2&#8243;][vc_column_text]<span style=\"color: #001a72;\"><strong>EXTREMADURA 21<\/strong><\/span>[\/vc_column_text][\/vc_column_inner][vc_column_inner width=&#8221;1\/2&#8243;][vc_column_text]<\/p>\n<p style=\"text-align: right;\"><span style=\"color: #009f4d;\">29\/06\/2022<\/span><\/p>\n<p>[\/vc_column_text][\/vc_column_inner][\/vc_row_inner][vc_row_inner][vc_column_inner][vc_column_text]<\/p>\n<h3 class=\"vc_custom_heading\"><a href=\"https:\/\/extremadura21.com\/2022\/06\/29\/herogra-group-invertira-17-millones-de-euros-en-su-primera-planta-de-hidrogeno-verde\/\">Herogra Group invertir\u00e1 1,7 millones de euros en su primera planta de hidr\u00f3geno verde<\/a><\/h3>\n<p>[\/vc_column_text][vc_empty_space height=&#8221;62px&#8221;][\/vc_column_inner][\/vc_row_inner][\/vc_column][\/vc_row][vc_row][vc_column offset=&#8221;vc_col-lg-offset-2 vc_col-lg-8 vc_col-md-offset-1 vc_col-md-10&#8243;][vc_row_inner][vc_column_inner width=&#8221;1\/2&#8243;][vc_column_text]<span style=\"color: #001a72;\"><strong>FH ALMER\u00cdA<\/strong><\/span>[\/vc_column_text][\/vc_column_inner][vc_column_inner width=&#8221;1\/2&#8243;][vc_column_text]<\/p>\n<p style=\"text-align: right;\"><span style=\"color: #009f4d;\">29\/06\/2022<\/span><\/p>\n<p>[\/vc_column_text][\/vc_column_inner][\/vc_row_inner][vc_row_inner][vc_column_inner][vc_column_text]<\/p>\n<h3 class=\"vc_custom_heading\"><a href=\"https:\/\/www.fhalmeria.com\/noticia-32597-28\/herogra-group-invertira-1,7-millones-de-euros-en-su-primera-planta-de-hidrogeno-verde\">Herogra Group invertir\u00e1 1,7 millones de euros en su primera planta de hidr\u00f3geno verde<\/a><\/h3>\n<p>[\/vc_column_text][vc_empty_space height=&#8221;62px&#8221;][\/vc_column_inner][\/vc_row_inner][\/vc_column][\/vc_row][vc_row][vc_column offset=&#8221;vc_col-lg-offset-2 vc_col-lg-8 vc_col-md-offset-1 vc_col-md-10&#8243;][vc_row_inner][vc_column_inner width=&#8221;1\/2&#8243;][vc_column_text]<span style=\"color: #001a72;\"><strong>GRANADA ECON\u00d3MICA<\/strong><\/span>[\/vc_column_text][\/vc_column_inner][vc_column_inner width=&#8221;1\/2&#8243;][vc_column_text]<\/p>\n<p style=\"text-align: right;\"><span style=\"color: #009f4d;\">29\/06\/2022<\/span><\/p>\n<p>[\/vc_column_text][\/vc_column_inner][\/vc_row_inner][vc_row_inner][vc_column_inner][vc_column_text]<\/p>\n<h3 class=\"vc_custom_heading\"><a href=\"https:\/\/granadaeconomica.es\/2022\/06\/29\/herogra-group-invertira-17-millones-de-euros-en-su-primera-planta-de-hidrogeno-verde\/\">Herogra Group invertir\u00e1 1,7 millones de euros en su primera planta de hidr\u00f3geno verde<\/a><\/h3>\n<p>[\/vc_column_text][vc_empty_space height=&#8221;62px&#8221;][\/vc_column_inner][\/vc_row_inner][\/vc_column][\/vc_row][vc_row][vc_column offset=&#8221;vc_col-lg-offset-2 vc_col-lg-8 vc_col-md-offset-1 vc_col-md-10&#8243;][vc_row_inner][vc_column_inner width=&#8221;1\/2&#8243;][vc_column_text]<span style=\"color: #001a72;\"><strong>GRANADA HOY<\/strong><\/span>[\/vc_column_text][\/vc_column_inner][vc_column_inner width=&#8221;1\/2&#8243;][vc_column_text]<\/p>\n<p style=\"text-align: right;\"><span style=\"color: #009f4d;\">29\/06\/2022<\/span><\/p>\n<p>[\/vc_column_text][\/vc_column_inner][\/vc_row_inner][vc_row_inner][vc_column_inner][vc_column_text]<\/p>\n<h3 class=\"vc_custom_heading\"><a href=\"https:\/\/www.granadahoy.com\/agr_andalucia\/Herogra-Group-invertira-millones-hidrogeno_0_1697231732.html\">Herogra Group invertir\u00e1 1,7 millones de euros en su primera planta de hidr\u00f3geno verde<\/a><\/h3>\n<p>[\/vc_column_text][vc_empty_space height=&#8221;62px&#8221;][\/vc_column_inner][\/vc_row_inner][\/vc_column][\/vc_row][vc_row][vc_column offset=&#8221;vc_col-lg-offset-2 vc_col-lg-8 vc_col-md-offset-1 vc_col-md-10&#8243;][vc_row_inner][vc_column_inner width=&#8221;1\/2&#8243;][vc_column_text]<span style=\"color: #001a72;\"><strong>DIARIO DE SEVILLA<\/strong><\/span>[\/vc_column_text][\/vc_column_inner][vc_column_inner width=&#8221;1\/2&#8243;][vc_column_text]<\/p>\n<p style=\"text-align: right;\"><span style=\"color: #009f4d;\">29\/06\/2022<\/span><\/p>\n<p>[\/vc_column_text][\/vc_column_inner][\/vc_row_inner][vc_row_inner][vc_column_inner][vc_column_text]<\/p>\n<h3 class=\"vc_custom_heading\"><a href=\"https:\/\/www.diariodesevilla.es\/agr_andalucia\/Herogra-Group-invertira-millones-hidrogeno_0_1697231732.html\">Herogra Group invertir\u00e1 1,7 millones de euros en su primera planta de hidr\u00f3geno verde<\/a><\/h3>\n<p>[\/vc_column_text][vc_empty_space height=&#8221;62px&#8221;][\/vc_column_inner][\/vc_row_inner][\/vc_column][\/vc_row][vc_row][vc_column offset=&#8221;vc_col-lg-offset-2 vc_col-lg-8 vc_col-md-offset-1 vc_col-md-10&#8243;][vc_row_inner][vc_column_inner width=&#8221;1\/2&#8243;][vc_column_text]<span style=\"color: #001a72;\"><b>CANAL SUR<\/b><\/span>[\/vc_column_text][\/vc_column_inner][vc_column_inner width=&#8221;1\/2&#8243;][vc_column_text]<\/p>\n<p style=\"text-align: right;\"><span style=\"color: #009f4d;\">31\/05\/2022<\/span><\/p>\n<p>[\/vc_column_text][\/vc_column_inner][\/vc_row_inner][vc_row_inner][vc_column_inner][vc_column_text]<\/p>\n<h3 class=\"vc_custom_heading\"><a href=\"https:\/\/www.canalsur.es\/noticias\/andaluc%C3%ADa\/granada\/eva-sanchez-nuestro-objetivo-es-llegar-a-tener-plantas-cultivadas-en-la-luna\/1831878.html\">Herogra Group cultivar\u00e1 en la luna<\/a><\/h3>\n<p>[\/vc_column_text][vc_empty_space height=&#8221;62px&#8221;][\/vc_column_inner][\/vc_row_inner][\/vc_column][\/vc_row][vc_row][vc_column offset=&#8221;vc_col-lg-offset-2 vc_col-lg-8 vc_col-md-offset-1 vc_col-md-10&#8243;][vc_row_inner][vc_column_inner width=&#8221;1\/2&#8243;][vc_column_text]<span style=\"color: #001a72;\"><b>PORTAL TECNOAGR\u00cdCOLA<\/b><\/span>[\/vc_column_text][\/vc_column_inner][vc_column_inner width=&#8221;1\/2&#8243;][vc_column_text]<\/p>\n<p style=\"text-align: right;\"><span style=\"color: #009f4d;\">31\/05\/2022<\/span><\/p>\n<p>[\/vc_column_text][\/vc_column_inner][\/vc_row_inner][vc_row_inner][vc_column_inner][vc_column_text]<\/p>\n<h3 class=\"vc_custom_heading\"><a href=\"https:\/\/www.noticiastecnoagricola.es\/herogra-group-cultivara-en-la-luna\/\">Herogra Group cultivar\u00e1 en la luna<\/a><\/h3>\n<p>[\/vc_column_text][vc_empty_space height=&#8221;62px&#8221;][\/vc_column_inner][\/vc_row_inner][\/vc_column][\/vc_row][vc_row][vc_column offset=&#8221;vc_col-lg-offset-2 vc_col-lg-8 vc_col-md-offset-1 vc_col-md-10&#8243;][vc_row_inner][vc_column_inner width=&#8221;1\/2&#8243;][vc_column_text]<span style=\"color: #001a72;\"><b>EDITORIAL AGR\u00cdCOLA<\/b><\/span>[\/vc_column_text][\/vc_column_inner][vc_column_inner width=&#8221;1\/2&#8243;][vc_column_text]<\/p>\n<p style=\"text-align: right;\"><span style=\"color: #009f4d;\">31\/05\/2022<\/span><\/p>\n<p>[\/vc_column_text][\/vc_column_inner][\/vc_row_inner][vc_row_inner][vc_column_inner][vc_column_text]<\/p>\n<h3 class=\"vc_custom_heading\"><a href=\"http:\/\/www.revistaagricultura.com\/herogra\/innovacion\/como-sera-la-germinacion-y-el-crecimiento-de-las-plantas-bajo-la-gravedad-lunar_14486_121_17996_0_1_in.html\">Herogra Group cultivar\u00e1 en la luna<\/a><\/h3>\n<p>[\/vc_column_text][vc_empty_space height=&#8221;62px&#8221;][\/vc_column_inner][\/vc_row_inner][\/vc_column][\/vc_row][vc_row][vc_column offset=&#8221;vc_col-lg-offset-2 vc_col-lg-8 vc_col-md-offset-1 vc_col-md-10&#8243;][vc_row_inner][vc_column_inner width=&#8221;1\/2&#8243;][vc_column_text]<span style=\"color: #001a72;\"><b>EXTREMADURA 21<\/b><\/span>[\/vc_column_text][\/vc_column_inner][vc_column_inner width=&#8221;1\/2&#8243;][vc_column_text]<\/p>\n<p style=\"text-align: right;\"><span style=\"color: #009f4d;\">31\/05\/2022<\/span><\/p>\n<p>[\/vc_column_text][\/vc_column_inner][\/vc_row_inner][vc_row_inner][vc_column_inner][vc_column_text]<\/p>\n<h3 class=\"vc_custom_heading\"><a href=\"https:\/\/extremadura21.com\/2022\/05\/31\/herogra-se-une-al-proyecto-green-moon-project-que-plantea-como-alimentarnos-cuando-vivamos-en-la-luna\/\">Herogra Group cultivar\u00e1 en la luna<\/a><\/h3>\n<p>[\/vc_column_text][vc_empty_space height=&#8221;62px&#8221;][\/vc_column_inner][\/vc_row_inner][\/vc_column][\/vc_row][vc_row][vc_column offset=&#8221;vc_col-lg-offset-2 vc_col-lg-8 vc_col-md-offset-1 vc_col-md-10&#8243;][vc_row_inner][vc_column_inner width=&#8221;1\/2&#8243;][vc_column_text]<span style=\"color: #001a72;\"><b>GRANADA HOY<\/b><\/span>[\/vc_column_text][\/vc_column_inner][vc_column_inner width=&#8221;1\/2&#8243;][vc_column_text]<\/p>\n<p style=\"text-align: right;\"><span style=\"color: #009f4d;\">31\/05\/2022<\/span><\/p>\n<p>[\/vc_column_text][\/vc_column_inner][\/vc_row_inner][vc_row_inner][vc_column_inner][vc_column_text]<\/p>\n<h3 class=\"vc_custom_heading\"><a href=\"https:\/\/www.granadahoy.com\/ser_solidarios\/Herogra-Group-cultivara-luna_0_1688531826.html\">Herogra Group cultivar\u00e1 en la luna<\/a><\/h3>\n<p>[\/vc_column_text][vc_empty_space height=&#8221;62px&#8221;][\/vc_column_inner][\/vc_row_inner][\/vc_column][\/vc_row][vc_row][vc_column offset=&#8221;vc_col-lg-offset-2 vc_col-lg-8 vc_col-md-offset-1 vc_col-md-10&#8243;][vc_row_inner][vc_column_inner width=&#8221;1\/2&#8243;][vc_column_text]<span style=\"color: #001a72;\"><b>CAMPO CYL<\/b><\/span>[\/vc_column_text][\/vc_column_inner][vc_column_inner width=&#8221;1\/2&#8243;][vc_column_text]<\/p>\n<p style=\"text-align: right;\"><span style=\"color: #009f4d;\">23\/05\/2022<\/span><\/p>\n<p>[\/vc_column_text][\/vc_column_inner][\/vc_row_inner][vc_row_inner][vc_column_inner][vc_column_text]<\/p>\n<h3 class=\"vc_custom_heading\"><a href=\"https:\/\/www.campocyl.es\/empresas\/herogra-group-a-la-vanguardia-de-la-agricultura-ecologica\/\">Herogra Group a la vanguardia de la Agricultura Ecol\u00f3gica<\/a><\/h3>\n<p>[\/vc_column_text][vc_empty_space height=&#8221;62px&#8221;][\/vc_column_inner][\/vc_row_inner][\/vc_column][\/vc_row][vc_row][vc_column offset=&#8221;vc_col-lg-offset-2 vc_col-lg-8 vc_col-md-offset-1 vc_col-md-10&#8243;][vc_row_inner][vc_column_inner width=&#8221;1\/2&#8243;][vc_column_text]<span style=\"color: #001a72;\"><b>PORTAL TECNOAGR\u00cdCOLA<\/b><\/span>[\/vc_column_text][\/vc_column_inner][vc_column_inner width=&#8221;1\/2&#8243;][vc_column_text]<\/p>\n<p style=\"text-align: right;\"><span style=\"color: #009f4d;\">23\/05\/2022<\/span><\/p>\n<p>[\/vc_column_text][\/vc_column_inner][\/vc_row_inner][vc_row_inner][vc_column_inner][vc_column_text]<\/p>\n<h3 class=\"vc_custom_heading\"><a href=\"https:\/\/www.noticiastecnoagricola.es\/herogra-group-a-la-vanguardia-de-la-agricultura-ecologica\/\">Herogra Group a la vanguardia de la Agricultura Ecol\u00f3gica<\/a><\/h3>\n<p>[\/vc_column_text][vc_empty_space height=&#8221;62px&#8221;][\/vc_column_inner][\/vc_row_inner][\/vc_column][\/vc_row][vc_row][vc_column offset=&#8221;vc_col-lg-offset-2 vc_col-lg-8 vc_col-md-offset-1 vc_col-md-10&#8243;][vc_row_inner][vc_column_inner width=&#8221;1\/2&#8243;][vc_column_text]<span style=\"color: #001a72;\"><strong>OLIMERCA<\/strong><\/span>[\/vc_column_text][\/vc_column_inner][vc_column_inner width=&#8221;1\/2&#8243;][vc_column_text]<\/p>\n<p style=\"text-align: right;\"><span style=\"color: #009f4d;\">23\/05\/2022<\/span><\/p>\n<p>[\/vc_column_text][\/vc_column_inner][\/vc_row_inner][vc_row_inner][vc_column_inner][vc_column_text]<\/p>\n<h3 class=\"vc_custom_heading\"><a href=\"https:\/\/www.olimerca.com\/noticiadet\/herogra-group-avala-su-compromiso-con-la-agricultura-ecologica\/50801d9404450df004358aa61b48b67a\">Herogra Group a la vanguardia de la Agricultura Ecol\u00f3gica<\/a><\/h3>\n<p>[\/vc_column_text][vc_empty_space height=&#8221;62px&#8221;][\/vc_column_inner][\/vc_row_inner][\/vc_column][\/vc_row][vc_row][vc_column offset=&#8221;vc_col-lg-offset-2 vc_col-lg-8 vc_col-md-offset-1 vc_col-md-10&#8243;][vc_row_inner][vc_column_inner width=&#8221;1\/2&#8243;][vc_column_text]<span style=\"color: #001a72;\"><strong>FH ALMER\u00cdA<\/strong><\/span>[\/vc_column_text][\/vc_column_inner][vc_column_inner width=&#8221;1\/2&#8243;][vc_column_text]<\/p>\n<p style=\"text-align: right;\"><span style=\"color: #009f4d;\">23\/05\/2022<\/span><\/p>\n<p>[\/vc_column_text][\/vc_column_inner][\/vc_row_inner][vc_row_inner][vc_column_inner][vc_column_text]<\/p>\n<h3 class=\"vc_custom_heading\"><a href=\"https:\/\/www.fhalmeria.com\/noticia-32495-28\/herogra-group-a-la-vanguardia-de-la-agricultura-ecologica\">Herogra Group a la vanguardia de la Agricultura Ecol\u00f3gica<\/a><\/h3>\n<p>[\/vc_column_text][vc_empty_space height=&#8221;62px&#8221;][\/vc_column_inner][\/vc_row_inner][\/vc_column][\/vc_row][vc_row][vc_column offset=&#8221;vc_col-lg-offset-2 vc_col-lg-8 vc_col-md-offset-1 vc_col-md-10&#8243;][vc_row_inner][vc_column_inner width=&#8221;1\/2&#8243;][vc_column_text]<span style=\"color: #001a72;\"><strong>EDITORIAL AGR\u00cdCOLA<\/strong><\/span>[\/vc_column_text][\/vc_column_inner][vc_column_inner width=&#8221;1\/2&#8243;][vc_column_text]<\/p>\n<p style=\"text-align: right;\"><span style=\"color: #009f4d;\">23\/05\/2022<\/span><\/p>\n<p>[\/vc_column_text][\/vc_column_inner][\/vc_row_inner][vc_row_inner][vc_column_inner][vc_column_text]<\/p>\n<h3 class=\"vc_custom_heading\"><a href=\"http:\/\/www.revistaagricultura.com\/herogra\/sanidad-y-nutricion\/herogra-group-consolida-su-compromiso-con-la-agricultura-ecologica_14461_119_17969_0_1_in.html\">Herogra Group a la vanguardia de la Agricultura Ecol\u00f3gica<\/a><\/h3>\n<p>[\/vc_column_text][vc_empty_space height=&#8221;62px&#8221;][\/vc_column_inner][\/vc_row_inner][\/vc_column][\/vc_row][vc_row][vc_column offset=&#8221;vc_col-lg-offset-2 vc_col-lg-8 vc_col-md-offset-1 vc_col-md-10&#8243;][vc_row_inner][vc_column_inner width=&#8221;1\/2&#8243;][vc_column_text]<span style=\"color: #001a72;\"><strong>EXTREMADURA 21<\/strong><\/span>[\/vc_column_text][\/vc_column_inner][vc_column_inner width=&#8221;1\/2&#8243;][vc_column_text]<\/p>\n<p style=\"text-align: right;\"><span style=\"color: #009f4d;\">23\/05\/2022<\/span><\/p>\n<p>[\/vc_column_text][\/vc_column_inner][\/vc_row_inner][vc_row_inner][vc_column_inner][vc_column_text]<\/p>\n<h3 class=\"vc_custom_heading\"><a href=\"https:\/\/extremadura21.com\/2022\/05\/24\/herogra-group-consolida-su-compromiso-con-la-agricultura-ecologica-con-su-certificacion-bajo-las-normas-une-142500-y-315500\/\">Herogra Group a la vanguardia de la Agricultura Ecol\u00f3gica<\/a><\/h3>\n<p>[\/vc_column_text][vc_empty_space height=&#8221;62px&#8221;][\/vc_column_inner][\/vc_row_inner][\/vc_column][\/vc_row][vc_row][vc_column offset=&#8221;vc_col-lg-offset-2 vc_col-lg-8 vc_col-md-offset-1 vc_col-md-10&#8243;][vc_row_inner][vc_column_inner width=&#8221;1\/2&#8243;][vc_column_text]<span style=\"color: #001a72;\"><strong>GRANADA ECON\u00d3MICA<\/strong><\/span>[\/vc_column_text][\/vc_column_inner][vc_column_inner width=&#8221;1\/2&#8243;][vc_column_text]<\/p>\n<p style=\"text-align: right;\"><span style=\"color: #009f4d;\">23\/05\/2022<\/span><\/p>\n<p>[\/vc_column_text][\/vc_column_inner][\/vc_row_inner][vc_row_inner][vc_column_inner][vc_column_text]<\/p>\n<h3 class=\"vc_custom_heading\"><a href=\"https:\/\/granadaeconomica.es\/2022\/05\/23\/003-175\/\">Herogra Group a la vanguardia de la Agricultura Ecol\u00f3gica<\/a><\/h3>\n<p>[\/vc_column_text][vc_empty_space height=&#8221;62px&#8221;][\/vc_column_inner][\/vc_row_inner][\/vc_column][\/vc_row][vc_row][vc_column offset=&#8221;vc_col-lg-offset-2 vc_col-lg-8 vc_col-md-offset-1 vc_col-md-10&#8243;][vc_row_inner][vc_column_inner width=&#8221;1\/2&#8243;][vc_column_text]<span style=\"color: #001a72;\"><strong>GRANADA HOY<\/strong><\/span>[\/vc_column_text][\/vc_column_inner][vc_column_inner width=&#8221;1\/2&#8243;][vc_column_text]<\/p>\n<p style=\"text-align: right;\"><span style=\"color: #009f4d;\">23\/05\/2022<\/span><\/p>\n<p>[\/vc_column_text][\/vc_column_inner][\/vc_row_inner][vc_row_inner][vc_column_inner][vc_column_text]<\/p>\n<h3 class=\"vc_custom_heading\"><a href=\"https:\/\/www.granadahoy.com\/agr_andalucia\/Herogra-Group-vanguardia-Agricultura-Ecologica_0_1686133607.html\">Herogra Group a la vanguardia de la Agricultura Ecol\u00f3gica<\/a><\/h3>\n<p>[\/vc_column_text][vc_empty_space height=&#8221;62px&#8221;][\/vc_column_inner][\/vc_row_inner][\/vc_column][\/vc_row][vc_row][vc_column offset=&#8221;vc_col-lg-offset-2 vc_col-lg-8 vc_col-md-offset-1 vc_col-md-10&#8243;][vc_row_inner][vc_column_inner width=&#8221;1\/2&#8243;][vc_column_text]<span style=\"color: #001a72;\"><strong>DIARIO DE SEVILLA<\/strong><\/span>[\/vc_column_text][\/vc_column_inner][vc_column_inner width=&#8221;1\/2&#8243;][vc_column_text]<\/p>\n<p style=\"text-align: right;\"><span style=\"color: #009f4d;\">23\/05\/2022<\/span><\/p>\n<p>[\/vc_column_text][\/vc_column_inner][\/vc_row_inner][vc_row_inner][vc_column_inner][vc_column_text]<\/p>\n<h3 class=\"vc_custom_heading\"><a href=\"https:\/\/www.diariodesevilla.es\/agr_andalucia\/Herogra-Group-vanguardia-Agricultura-Ecologica_0_1686133607.html\">Herogra Group a la vanguardia de la Agricultura Ecol\u00f3gica<\/a><\/h3>\n<p>[\/vc_column_text][vc_empty_space height=&#8221;62px&#8221;][\/vc_column_inner][\/vc_row_inner][\/vc_column][\/vc_row][vc_row][vc_column offset=&#8221;vc_col-lg-offset-2 vc_col-lg-8 vc_col-md-offset-1 vc_col-md-10&#8243;][vc_row_inner][vc_column_inner width=&#8221;1\/2&#8243;][vc_column_text]<span style=\"color: #001a72;\"><strong>GRANADA ECON\u00d3MICA<\/strong><\/span>[\/vc_column_text][\/vc_column_inner][vc_column_inner width=&#8221;1\/2&#8243;][vc_column_text]<\/p>\n<p style=\"text-align: right;\"><span style=\"color: #009f4d;\">08\/03\/2022<\/span><\/p>\n<p>[\/vc_column_text][\/vc_column_inner][\/vc_row_inner][vc_row_inner][vc_column_inner][vc_column_text]<\/p>\n<h3 class=\"vc_custom_heading\"><a href=\"https:\/\/granadaeconomica.es\/2022\/03\/08\/003-163\/\">Herogra Group redobla su apuesta por la biotecnolog\u00eda<\/a><\/h3>\n<p>[\/vc_column_text][vc_empty_space height=&#8221;62px&#8221;][\/vc_column_inner][\/vc_row_inner][\/vc_column][\/vc_row][vc_row][vc_column offset=&#8221;vc_col-lg-offset-2 vc_col-lg-8 vc_col-md-offset-1 vc_col-md-10&#8243;][vc_row_inner][vc_column_inner width=&#8221;1\/2&#8243;][vc_column_text]<span style=\"color: #001a72;\"><strong>FH ALMER\u00cdA<\/strong><\/span>[\/vc_column_text][\/vc_column_inner][vc_column_inner width=&#8221;1\/2&#8243;][vc_column_text]<\/p>\n<p style=\"text-align: right;\"><span style=\"color: #009f4d;\">08\/03\/2022<\/span><\/p>\n<p>[\/vc_column_text][\/vc_column_inner][\/vc_row_inner][vc_row_inner][vc_column_inner][vc_column_text]<\/p>\n<h3 class=\"vc_custom_heading\"><a href=\"https:\/\/www.fhalmeria.com\/noticia-32134-28\/herogra-group-redobla-su-apuesta-por-la-biotecnologia\">Herogra Group redobla su apuesta por la biotecnolog\u00eda<\/a><\/h3>\n<p>[\/vc_column_text][vc_empty_space height=&#8221;62px&#8221;][\/vc_column_inner][\/vc_row_inner][\/vc_column][\/vc_row][vc_row][vc_column offset=&#8221;vc_col-lg-offset-2 vc_col-lg-8 vc_col-md-offset-1 vc_col-md-10&#8243;][vc_row_inner][vc_column_inner width=&#8221;1\/2&#8243;][vc_column_text]<span style=\"color: #001a72;\"><strong>REVISTA AGRICULTURA<\/strong><\/span>[\/vc_column_text][\/vc_column_inner][vc_column_inner width=&#8221;1\/2&#8243;][vc_column_text]<\/p>\n<p style=\"text-align: right;\"><span style=\"color: #009f4d;\">08\/03\/2022<\/span><\/p>\n<p>[\/vc_column_text][\/vc_column_inner][\/vc_row_inner][vc_row_inner][vc_column_inner][vc_column_text]<\/p>\n<h3 class=\"vc_custom_heading\"><a href=\"http:\/\/www.revistaagricultura.com\/herogra\/innovacion\/herogra-group-pone-en-marcha-su-primer-laboratorio-de-biotecnologia_14197_121_17658_0_1_in.html\">Herogra Group redobla su apuesta por la biotecnolog\u00eda<\/a><\/h3>\n<p>[\/vc_column_text][vc_empty_space height=&#8221;62px&#8221;][\/vc_column_inner][\/vc_row_inner][\/vc_column][\/vc_row][vc_row][vc_column offset=&#8221;vc_col-lg-offset-2 vc_col-lg-8 vc_col-md-offset-1 vc_col-md-10&#8243;][vc_row_inner][vc_column_inner width=&#8221;1\/2&#8243;][vc_column_text]<span style=\"color: #001a72;\"><strong>CAMPO CYL<\/strong><\/span>[\/vc_column_text][\/vc_column_inner][vc_column_inner width=&#8221;1\/2&#8243;][vc_column_text]<\/p>\n<p style=\"text-align: right;\"><span style=\"color: #009f4d;\">08\/03\/2022<\/span><\/p>\n<p>[\/vc_column_text][\/vc_column_inner][\/vc_row_inner][vc_row_inner][vc_column_inner][vc_column_text]<\/p>\n<h3 class=\"vc_custom_heading\"><a href=\"https:\/\/www.campocyl.es\/empresas\/herogra-group-redobla-su-apuesta-por-la-biotecnologia\/\">Herogra Group redobla su apuesta por la biotecnolog\u00eda<\/a><\/h3>\n<p>[\/vc_column_text][vc_empty_space height=&#8221;62px&#8221;][\/vc_column_inner][\/vc_row_inner][\/vc_column][\/vc_row][vc_row][vc_column offset=&#8221;vc_col-lg-offset-2 vc_col-lg-8 vc_col-md-offset-1 vc_col-md-10&#8243;][vc_row_inner][vc_column_inner width=&#8221;1\/2&#8243;][vc_column_text]<span style=\"color: #001a72;\"><strong>VIDA ECON\u00d3MICA<\/strong><\/span>[\/vc_column_text][\/vc_column_inner][vc_column_inner width=&#8221;1\/2&#8243;][vc_column_text]<\/p>\n<p style=\"text-align: right;\"><span style=\"color: #009f4d;\">25\/02\/2022<\/span><\/p>\n<p>[\/vc_column_text][\/vc_column_inner][\/vc_row_inner][vc_row_inner][vc_column_inner][vc_column_text]<\/p>\n<h3 class=\"vc_custom_heading\"><a href=\"https:\/\/www.vidaeconomica.com\/2022\/02\/uppery-club-malaga-v-foro-encuentro-aime-contratacion-flexible-altos-directivos\/\">Uppery Club acoge el V Encuentro Foro AIME<\/a><\/h3>\n<p>[\/vc_column_text][vc_empty_space height=&#8221;62px&#8221;][\/vc_column_inner][\/vc_row_inner][\/vc_column][\/vc_row][vc_row][vc_column offset=&#8221;vc_col-lg-offset-2 vc_col-lg-8 vc_col-md-offset-1 vc_col-md-10&#8243;][vc_row_inner][vc_column_inner width=&#8221;1\/2&#8243;][vc_column_text]<span style=\"color: #001a72;\"><strong>FH ALMER\u00cdA<\/strong><\/span>[\/vc_column_text][\/vc_column_inner][vc_column_inner width=&#8221;1\/2&#8243;][vc_column_text]<\/p>\n<p style=\"text-align: right;\"><span style=\"color: #009f4d;\">01\/12\/2021<\/span><\/p>\n<p>[\/vc_column_text][\/vc_column_inner][\/vc_row_inner][vc_row_inner][vc_column_inner][vc_column_text]<\/p>\n<h3 class=\"vc_custom_heading\"><a href=\"https:\/\/www.fhalmeria.com\/noticia-31801-28\/fertilizacion-eficiente-para-melon-y-sandia-gracias-a-herogra\">Fertilizaci\u00f3n eficiente para mel\u00f3n y sand\u00eda gracias a Herogra<\/a><\/h3>\n<p>[\/vc_column_text][vc_empty_space height=&#8221;62px&#8221;][\/vc_column_inner][\/vc_row_inner][\/vc_column][\/vc_row][vc_row][vc_column offset=&#8221;vc_col-lg-offset-2 vc_col-lg-8 vc_col-md-offset-1 vc_col-md-10&#8243;][vc_row_inner][vc_column_inner width=&#8221;1\/2&#8243;][vc_column_text]<span style=\"color: #001a72;\"><strong>FH ALMER\u00cdA<\/strong><\/span>[\/vc_column_text][\/vc_column_inner][vc_column_inner width=&#8221;1\/2&#8243;][vc_column_text]<\/p>\n<p style=\"text-align: right;\"><span style=\"color: #009f4d;\">02\/06\/2021<\/span><\/p>\n<p>[\/vc_column_text][\/vc_column_inner][\/vc_row_inner][vc_row_inner][vc_column_inner][vc_column_text]<\/p>\n<h3 class=\"vc_custom_heading\"><a href=\"https:\/\/www.fhalmeria.com\/noticia-31060-28\/soluciones-nutricionales-de-herogra-fertilizantes-para-el-cultivo-ecologico-protegido\">Soluciones nutricionales de Herogra Fertilizantes para el cultivo ecol\u00f3gico protegido<\/a><\/h3>\n<p>[\/vc_column_text][vc_empty_space height=&#8221;62px&#8221;][\/vc_column_inner][\/vc_row_inner][\/vc_column][\/vc_row][vc_row][vc_column offset=&#8221;vc_col-lg-offset-2 vc_col-lg-8 vc_col-md-offset-1 vc_col-md-10&#8243;][vc_row_inner][vc_column_inner width=&#8221;1\/2&#8243;][vc_column_text]<span style=\"color: #001a72;\"><strong>ABC<\/strong><\/span>[\/vc_column_text][\/vc_column_inner][vc_column_inner width=&#8221;1\/2&#8243;][vc_column_text]<\/p>\n<p style=\"text-align: right;\"><span style=\"color: #009f4d;\">20\/05\/2021<\/span><\/p>\n<p>[\/vc_column_text][\/vc_column_inner][\/vc_row_inner][vc_row_inner][vc_column_inner][vc_column_text]<\/p>\n<h3 class=\"vc_custom_heading\"><a href=\"https:\/\/sevilla.abc.es\/agronoma\/noticias\/cultivos\/algodon\/herogra-tecnologia-nutricion-algodon\/\">Tecnolog\u00eda al servicio de la nutrici\u00f3n del cultivo de fibra textil<\/a><\/h3>\n<p>[\/vc_column_text][vc_empty_space height=&#8221;62px&#8221;][\/vc_column_inner][\/vc_row_inner][\/vc_column][\/vc_row][vc_row][vc_column offset=&#8221;vc_col-lg-offset-2 vc_col-lg-8 vc_col-md-offset-1 vc_col-md-10&#8243;][vc_row_inner][vc_column_inner width=&#8221;1\/2&#8243;][vc_column_text]<span style=\"color: #001a72;\"><strong>ABC<\/strong><\/span>[\/vc_column_text][\/vc_column_inner][vc_column_inner width=&#8221;1\/2&#8243;][vc_column_text]<\/p>\n<p style=\"text-align: right;\"><span style=\"color: #009f4d;\">26\/04\/2021<\/span><\/p>\n<p>[\/vc_column_text][\/vc_column_inner][\/vc_row_inner][vc_row_inner][vc_column_inner][vc_column_text]<\/p>\n<h3 class=\"vc_custom_heading\"><a href=\"https:\/\/sevilla.abc.es\/agronoma\/noticias\/cultivos\/arroz\/herogra-arroz-fertilizantes\/\">Herogra alimenta la producci\u00f3n sostenible de arroz de Las Marismas<\/a><\/h3>\n<p>[\/vc_column_text][vc_empty_space height=&#8221;62px&#8221;][\/vc_column_inner][\/vc_row_inner][\/vc_column][\/vc_row][vc_row][vc_column offset=&#8221;vc_col-lg-offset-2 vc_col-lg-8 vc_col-md-offset-1 vc_col-md-10&#8243;][vc_row_inner][vc_column_inner width=&#8221;1\/2&#8243;][vc_column_text]<span style=\"color: #001a72;\"><strong>ABC<\/strong><\/span>[\/vc_column_text][\/vc_column_inner][vc_column_inner width=&#8221;1\/2&#8243;][vc_column_text]<\/p>\n<p style=\"text-align: right;\"><span style=\"color: #009f4d;\">02\/03\/2021<\/span><\/p>\n<p>[\/vc_column_text][\/vc_column_inner][\/vc_row_inner][vc_row_inner][vc_column_inner][vc_column_text]<\/p>\n<h3 class=\"vc_custom_heading\"><a href=\"https:\/\/sevilla.abc.es\/agronoma\/noticias\/agricultura\/fertilizantes-andaluces-kazajistan-y-uzbekistan\/\">Los fertilizantes andaluces se abren camino en los mercados de Kazajist\u00e1n y Uzbekist\u00e1n<\/a><\/h3>\n<p>[\/vc_column_text][vc_empty_space height=&#8221;62px&#8221;][\/vc_column_inner][\/vc_row_inner][\/vc_column][\/vc_row][vc_row][vc_column offset=&#8221;vc_col-lg-offset-2 vc_col-lg-8 vc_col-md-offset-1 vc_col-md-10&#8243;][vc_row_inner][vc_column_inner width=&#8221;1\/2&#8243;][vc_column_text]<span style=\"color: #001a72;\"><strong>LA VANGUARDIA<\/strong><\/span>[\/vc_column_text][\/vc_column_inner][vc_column_inner width=&#8221;1\/2&#8243;][vc_column_text]<\/p>\n<p style=\"text-align: right;\"><span style=\"color: #009f4d;\">15\/06\/2020<\/span><\/p>\n<p>[\/vc_column_text][\/vc_column_inner][\/vc_row_inner][vc_row_inner][vc_column_inner][vc_column_text]<\/p>\n<h3 class=\"vc_custom_heading\"><a href=\"https:\/\/www.lavanguardia.com\/tecnologia\/20200615\/481793551666\/alpeocel-convierte-subproducto-aceite-de-oliva-en-compuesto-para-cosmeticos.html\">ALPEOCEL convierte subproducto aceite de oliva en compuesto para cosm\u00e9ticos<\/a><\/h3>\n<p>[\/vc_column_text][vc_empty_space height=&#8221;62px&#8221;][\/vc_column_inner][\/vc_row_inner][\/vc_column][\/vc_row][vc_row][vc_column offset=&#8221;vc_col-lg-offset-2 vc_col-lg-8 vc_col-md-offset-1 vc_col-md-10&#8243;][vc_row_inner][vc_column_inner width=&#8221;1\/2&#8243;][vc_column_text]<span style=\"color: #001a72;\"><strong>MERCADEI<\/strong><\/span>[\/vc_column_text][\/vc_column_inner][vc_column_inner width=&#8221;1\/2&#8243;][vc_column_text]<\/p>\n<p style=\"text-align: right;\"><span style=\"color: #009f4d;\">12\/05\/2020<\/span><\/p>\n<p>[\/vc_column_text][\/vc_column_inner][\/vc_row_inner][vc_row_inner][vc_column_inner][vc_column_text]<\/p>\n<h3 class=\"vc_custom_heading\"><a href=\"https:\/\/www.mercacei.com\/noticia\/52658\/empresascontraelcovid19\/herogra-group.html\" target=\"_blank\" rel=\"nofollow noopener noreferrer\">#EmpresasContraelCovid19<\/a><\/h3>\n<p>[\/vc_column_text][vc_empty_space height=&#8221;62px&#8221;][\/vc_column_inner][\/vc_row_inner][\/vc_column][\/vc_row][vc_row][vc_column offset=&#8221;vc_col-lg-offset-2 vc_col-lg-8 vc_col-md-offset-1 vc_col-md-10&#8243;][vc_row_inner][vc_column_inner width=&#8221;1\/2&#8243;][vc_column_text]<span style=\"color: #001a72;\"><strong>ABC DE SEVILLA<\/strong><\/span>[\/vc_column_text][\/vc_column_inner][vc_column_inner width=&#8221;1\/2&#8243;][vc_column_text]<\/p>\n<p style=\"text-align: right;\"><span style=\"color: #009f4d;\">23\/04\/2020<\/span><\/p>\n<p>[\/vc_column_text][\/vc_column_inner][\/vc_row_inner][vc_row_inner][vc_column_inner][vc_column_text]<\/p>\n<h3 class=\"vc_custom_heading\"><a href=\"https:\/\/sevilla.abc.es\/contenidopromocionado\/2020\/04\/23\/herogra-fertilizantes-sevilla-todo-lo-que-necesitas-saber-sobre-el-cultivo-del-arroz\/\" target=\"_blank\" rel=\"noopener noreferrer\">Todo lo que necesitas saber sobre el cultivo del arroz (y c\u00f3mo aumentar su producci\u00f3n)<\/a><\/h3>\n<p>[\/vc_column_text][vc_empty_space height=&#8221;62px&#8221;][\/vc_column_inner][\/vc_row_inner][\/vc_column][\/vc_row][vc_row][vc_column offset=&#8221;vc_col-lg-offset-2 vc_col-lg-8 vc_col-md-offset-1 vc_col-md-10&#8243;][vc_row_inner][vc_column_inner width=&#8221;1\/2&#8243;][vc_column_text]<span style=\"color: #001a72;\"><strong>IDEAL<\/strong><\/span>[\/vc_column_text][\/vc_column_inner][vc_column_inner width=&#8221;1\/2&#8243;][vc_column_text]<\/p>\n<p style=\"text-align: right;\"><span style=\"color: #009f4d;\">18\/03\/2020<\/span><\/p>\n<p>[\/vc_column_text][\/vc_column_inner][\/vc_row_inner][vc_row_inner][vc_column_inner][vc_column_text]<\/p>\n<h3 class=\"vc_custom_heading\"><a href=\"https:\/\/www.ideal.es\/granada\/estado-alarma-coronavirus-granada-empresas-poligonos-industriales-20200318185121-nt.html\" target=\"_blank\" rel=\"noopener noreferrer\">Los pol\u00edgonos industriales de Granada mantienen la actividad bajo vigilancia policial<\/a><\/h3>\n<p>[\/vc_column_text][vc_empty_space height=&#8221;62px&#8221;][\/vc_column_inner][\/vc_row_inner][\/vc_column][\/vc_row][vc_row][vc_column offset=&#8221;vc_col-lg-offset-2 vc_col-lg-8 vc_col-md-offset-1 vc_col-md-10&#8243;][vc_row_inner][vc_column_inner width=&#8221;1\/2&#8243;][vc_column_text]<span style=\"color: #001a72;\"><strong>iNTEREMPRESAS<\/strong><\/span>[\/vc_column_text][\/vc_column_inner][vc_column_inner width=&#8221;1\/2&#8243;][vc_column_text]<\/p>\n<p style=\"text-align: right;\"><span style=\"color: #009f4d;\">17\/03\/2020<\/span><\/p>\n<p>[\/vc_column_text][\/vc_column_inner][\/vc_row_inner][vc_row_inner][vc_column_inner][vc_column_text]<\/p>\n<h3 class=\"vc_custom_heading\"><a href=\"https:\/\/www.interempresas.net\/Grandes-cultivos\/Articulos\/299346-Herogra-Group-refuerza-su-expansion-nacional-apertura-su-nueva-sede-central-Granada.html\" target=\"_blank\" rel=\"nofollow noopener noreferrer\">Herogra Group refuerza su expansi\u00f3n nacional con la apertura de su nueva sede central en Granada<\/a><\/h3>\n<p>[\/vc_column_text][vc_empty_space height=&#8221;62px&#8221;][\/vc_column_inner][\/vc_row_inner][\/vc_column][\/vc_row][vc_row][vc_column offset=&#8221;vc_col-lg-offset-2 vc_col-lg-8 vc_col-md-offset-1 vc_col-md-10&#8243;][vc_row_inner][vc_column_inner width=&#8221;1\/2&#8243;][vc_column_text]<span style=\"color: #001a72;\"><strong>GRANADA HOY<\/strong><\/span>[\/vc_column_text][\/vc_column_inner][vc_column_inner width=&#8221;1\/2&#8243;][vc_column_text]<\/p>\n<p style=\"text-align: right;\"><span style=\"color: #009f4d;\">29\/02\/2020<\/span><\/p>\n<p>[\/vc_column_text][\/vc_column_inner][\/vc_row_inner][vc_row_inner][vc_column_inner][vc_column_text]<\/p>\n<h3 class=\"vc_custom_heading\"><a href=\"https:\/\/www.granadahoy.com\/granada\/empresas-Granada-fuertes-Espana_0_1440756536.html\" target=\"_blank\" rel=\"noopener noreferrer\">S\u00f3lo 25 empresas de Granada est\u00e1n entre las 5.000 m\u00e1s fuertes de Espa\u00f1a<\/a><\/h3>\n<p>[\/vc_column_text][vc_empty_space height=&#8221;62px&#8221;][\/vc_column_inner][\/vc_row_inner][\/vc_column][\/vc_row][vc_row][vc_column offset=&#8221;vc_col-lg-offset-2 vc_col-lg-8 vc_col-md-offset-1 vc_col-md-10&#8243;][vc_row_inner][vc_column_inner width=&#8221;1\/2&#8243;][vc_column_text]<span style=\"color: #001a72;\"><strong>IDEAL<\/strong><\/span>[\/vc_column_text][\/vc_column_inner][vc_column_inner width=&#8221;1\/2&#8243;][vc_column_text]<\/p>\n<p style=\"text-align: right;\"><span style=\"color: #009f4d;\">25\/02\/2020<\/span><\/p>\n<p>[\/vc_column_text][\/vc_column_inner][\/vc_row_inner][vc_row_inner][vc_column_inner][vc_column_text]<\/p>\n<h3 class=\"vc_custom_heading\"><a href=\"https:\/\/www.ideal.es\/granada\/coronavirus-contagia-cien-20200225190839-nt.html\" target=\"_blank\" rel=\"noopener noreferrer\">El coronavirus &#8216;contagia&#8217; a cien empresas de Granada que compran o venden a China<\/a><\/h3>\n<p>[\/vc_column_text][vc_empty_space height=&#8221;62px&#8221;][\/vc_column_inner][\/vc_row_inner][\/vc_column][\/vc_row][vc_row][vc_column offset=&#8221;vc_col-lg-offset-2 vc_col-lg-8 vc_col-md-offset-1 vc_col-md-10&#8243;][vc_row_inner][vc_column_inner width=&#8221;1\/2&#8243;][vc_column_text]<span style=\"color: #001a72;\"><strong>20 MINUTOS<\/strong><\/span>[\/vc_column_text][\/vc_column_inner][vc_column_inner width=&#8221;1\/2&#8243;][vc_column_text]<\/p>\n<p style=\"text-align: right;\"><span style=\"color: #009f4d;\">09\/10\/2019<\/span><\/p>\n<p>[\/vc_column_text][\/vc_column_inner][\/vc_row_inner][vc_row_inner][vc_column_inner][vc_column_text]<\/p>\n<h3 class=\"vc_custom_heading\"><a href=\"https:\/\/www.20minutos.es\/noticia\/3795075\/0\/puertos-herogra-group-recala-motril-dentro-su-proyecto-impulso-comercial\/\" target=\"_blank\" rel=\"noopener noreferrer\">Herogra Group recala en Motril dentro de su proyecto de impulso comercial<\/a><\/h3>\n<p>[\/vc_column_text][vc_empty_space height=&#8221;62px&#8221;][\/vc_column_inner][\/vc_row_inner][\/vc_column][\/vc_row][vc_row][vc_column offset=&#8221;vc_col-lg-offset-2 vc_col-lg-8 vc_col-md-offset-1 vc_col-md-10&#8243;][vc_row_inner][vc_column_inner width=&#8221;1\/2&#8243;][vc_column_text]<span style=\"color: #001a72;\"><strong>EUROPA PRESS<\/strong><\/span>[\/vc_column_text][\/vc_column_inner][vc_column_inner width=&#8221;1\/2&#8243;][vc_column_text]<\/p>\n<p style=\"text-align: right;\"><span style=\"color: #009f4d;\">21\/11\/2019<\/span><\/p>\n<p>[\/vc_column_text][\/vc_column_inner][\/vc_row_inner][vc_row_inner][vc_column_inner][vc_column_text]<\/p>\n<h3 class=\"vc_custom_heading\"><a href=\"https:\/\/www.europapress.es\/esandalucia\/granada\/noticia-junta-realiza-granada-simulacro-emergencia-fuga-sustancia-peligrosa-probar-capacidades-seguridad-20191121132803.html\" target=\"_blank\" rel=\"noopener noreferrer\">La Junta realiza en Granada simulacro de emergencia por fuga de sustancia peligrosa para probar capacidades y seguridad<\/a><\/h3>\n<p>[\/vc_column_text][vc_empty_space height=&#8221;62px&#8221;][\/vc_column_inner][\/vc_row_inner][\/vc_column][\/vc_row][vc_row][vc_column offset=&#8221;vc_col-lg-offset-2 vc_col-lg-8 vc_col-md-offset-1 vc_col-md-10&#8243;][vc_row_inner][vc_column_inner width=&#8221;1\/2&#8243;][vc_column_text]<span style=\"color: #001a72;\"><strong>IDEAL<\/strong><\/span>[\/vc_column_text][\/vc_column_inner][vc_column_inner width=&#8221;1\/2&#8243;][vc_column_text]<\/p>\n<p style=\"text-align: right;\"><span style=\"color: #009f4d;\">01\/05\/2019<\/span><\/p>\n<p>[\/vc_column_text][\/vc_column_inner][\/vc_row_inner][vc_row_inner][vc_column_inner][vc_column_text]<\/p>\n<h3 class=\"vc_custom_heading\"><a href=\"https:\/\/www.ideal.es\/granada\/imprescindibles-sociedad-20190501002328-ntvo.html\" target=\"_blank\" rel=\"noopener noreferrer\">Imprescincibles para la sociedad<\/a><\/h3>\n<p>[\/vc_column_text][vc_empty_space height=&#8221;62px&#8221;][\/vc_column_inner][\/vc_row_inner][\/vc_column][\/vc_row][vc_row][vc_column offset=&#8221;vc_col-lg-offset-2 vc_col-lg-8 vc_col-md-offset-1 vc_col-md-10&#8243;][vc_row_inner][vc_column_inner width=&#8221;1\/2&#8243;][vc_column_text]<span style=\"color: #001a72;\"><strong>GRANADA HOY<\/strong><\/span>[\/vc_column_text][\/vc_column_inner][vc_column_inner width=&#8221;1\/2&#8243;][vc_column_text]<\/p>\n<p style=\"text-align: right;\"><span style=\"color: #009f4d;\">21\/03\/2019<\/span><\/p>\n<p>[\/vc_column_text][\/vc_column_inner][\/vc_row_inner][vc_row_inner][vc_column_inner][vc_column_text]<\/p>\n<h3 class=\"vc_custom_heading\"><a href=\"https:\/\/www.granadahoy.com\/granada\/Herogra-oficina-china-Xi-Lou-Ge-La_0_1338466723.html\" target=\"_blank\" rel=\"noopener noreferrer\">Herogra abre su primera oficina de representaci\u00f3n en China<\/a><\/h3>\n<p>[\/vc_column_text][vc_empty_space height=&#8221;62px&#8221;][\/vc_column_inner][\/vc_row_inner][\/vc_column][\/vc_row][vc_row][vc_column offset=&#8221;vc_col-lg-offset-2 vc_col-lg-8 vc_col-md-offset-1 vc_col-md-10&#8243;][vc_row_inner][vc_column_inner width=&#8221;1\/2&#8243;][vc_column_text]<span style=\"color: #001a72;\"><strong>ABC DE SEVILLA<\/strong><\/span>[\/vc_column_text][\/vc_column_inner][vc_column_inner width=&#8221;1\/2&#8243;][vc_column_text]<\/p>\n<p style=\"text-align: right;\"><span style=\"color: #009f4d;\">10\/03\/2019<\/span><\/p>\n<p>[\/vc_column_text][\/vc_column_inner][\/vc_row_inner][vc_row_inner][vc_column_inner][vc_column_text]<\/p>\n<h3 class=\"vc_custom_heading\"><a href=\"https:\/\/sevilla.abc.es\/economia\/sevi-drones-cuidaran-futuro-olivar-201903180722_noticia.html\" target=\"_blank\" rel=\"noopener noreferrer\">Los drones cuidar\u00e1n en el futuro del olivar<\/a><\/h3>\n<p>[\/vc_column_text][vc_empty_space height=&#8221;62px&#8221;][\/vc_column_inner][\/vc_row_inner][\/vc_column][\/vc_row][\/vc_section][vc_row][vc_column][g5plus_counter][\/vc_column][\/vc_row]<\/p>\n<\/div>","protected":false},"excerpt":{"rendered":"<p>[vc_section][vc_row][vc_column][vc_empty_space height=&#8221;100px&#8221;][g5plus_heading align=&#8221;text-center&#8221; google_fonts=&#8221;font_family:Montserrat%3Aregular%2C700|font_style:700%20bold%20regular%3A700%3Anormal&#8221; use_theme_fonts=&#8221;true&#8221; title=&#8221;Press&#8221; des_title=&#8221;Would you like to be part of our communication strategy?&#8221; fs=&#8221;54&#8243;][\/vc_column][\/vc_row][\/vc_section][vc_section][vc_row gap=&#8221;15&#8243;][vc_column css=&#8221;.vc_custom_1592319648101{border-top-width: 1px !important;border-right-width: 1px !important;border-bottom-width: 1px !important;border-left-width: 1px !important;padding-top: 1px !important;padding-right: 1px !important;padding-bottom: 1px !important;padding-left: 1px !important;background-color: #ffffff !important;border-left-color: #96b1a8 !important;border-left-style: solid !important;border-right-color: #96b1a8 !important;border-right-style: solid !important;border-top-color: #96b1a8 !important;border-top-style: solid !important;border-bottom-color: #96b1a8 !important;border-bottom-style: solid !important;}&#8221; offset=&#8221;vc_col-lg-offset-4 vc_col-lg-4 [&hellip;]<\/p>\n","protected":false},"author":1,"featured_media":0,"parent":0,"menu_order":0,"comment_status":"closed","ping_status":"closed","template":"","meta":{"footnotes":"","_links_to":"","_links_to_target":""},"yoast_head":"<!-- This site is optimized with the Yoast SEO plugin v23.5 - https:\/\/yoast.com\/wordpress\/plugins\/seo\/ -->\n<title>Press - Herogragroup<\/title>\n<meta name=\"robots\" content=\"index, follow, max-snippet:-1, max-image-preview:large, max-video-preview:-1\" \/>\n<link rel=\"canonical\" href=\"https:\/\/herogragroup.com\/en\/press\/\" \/>\n<meta property=\"og:locale\" content=\"en_US\" \/>\n<meta property=\"og:type\" content=\"article\" \/>\n<meta property=\"og:title\" content=\"Press - Herogragroup\" \/>\n<meta property=\"og:description\" content=\"[vc_section][vc_row][vc_column][vc_empty_space height=&#8221;100px&#8221;][g5plus_heading align=&#8221;text-center&#8221; google_fonts=&#8221;font_family:Montserrat%3Aregular%2C700|font_style:700%20bold%20regular%3A700%3Anormal&#8221; use_theme_fonts=&#8221;true&#8221; title=&#8221;Press&#8221; des_title=&#8221;Would you like to be part of our communication strategy?&#8221; fs=&#8221;54&#8243;][\/vc_column][\/vc_row][\/vc_section][vc_section][vc_row gap=&#8221;15&#8243;][vc_column css=&#8221;.vc_custom_1592319648101{border-top-width: 1px !important;border-right-width: 1px !important;border-bottom-width: 1px !important;border-left-width: 1px !important;padding-top: 1px !important;padding-right: 1px !important;padding-bottom: 1px !important;padding-left: 1px !important;background-color: #ffffff !important;border-left-color: #96b1a8 !important;border-left-style: solid !important;border-right-color: #96b1a8 !important;border-right-style: solid !important;border-top-color: #96b1a8 !important;border-top-style: solid !important;border-bottom-color: #96b1a8 !important;border-bottom-style: solid !important;}&#8221; offset=&#8221;vc_col-lg-offset-4 vc_col-lg-4 [&hellip;]\" \/>\n<meta property=\"og:url\" content=\"https:\/\/herogragroup.com\/en\/press\/\" \/>\n<meta property=\"og:site_name\" content=\"Herogragroup\" \/>\n<meta property=\"article:modified_time\" content=\"2023-07-05T10:08:08+00:00\" \/>\n<meta name=\"twitter:card\" content=\"summary_large_image\" \/>\n<meta name=\"twitter:label1\" content=\"Est. reading time\" \/>\n\t<meta name=\"twitter:data1\" content=\"6 minutes\" \/>\n<script type=\"application\/ld+json\" class=\"yoast-schema-graph\">{\"@context\":\"https:\/\/schema.org\",\"@graph\":[{\"@type\":\"WebPage\",\"@id\":\"https:\/\/herogragroup.com\/en\/press\/\",\"url\":\"https:\/\/herogragroup.com\/en\/press\/\",\"name\":\"Press - Herogragroup\",\"isPartOf\":{\"@id\":\"https:\/\/herogragroup.com\/#website\"},\"datePublished\":\"2020-05-22T08:58:39+00:00\",\"dateModified\":\"2023-07-05T10:08:08+00:00\",\"breadcrumb\":{\"@id\":\"https:\/\/herogragroup.com\/en\/press\/#breadcrumb\"},\"inLanguage\":\"en-US\",\"potentialAction\":[{\"@type\":\"ReadAction\",\"target\":[\"https:\/\/herogragroup.com\/en\/press\/\"]}]},{\"@type\":\"BreadcrumbList\",\"@id\":\"https:\/\/herogragroup.com\/en\/press\/#breadcrumb\",\"itemListElement\":[{\"@type\":\"ListItem\",\"position\":1,\"name\":\"Portada\",\"item\":\"https:\/\/herogragroup.com\/en\/\"},{\"@type\":\"ListItem\",\"position\":2,\"name\":\"Press\"}]},{\"@type\":\"WebSite\",\"@id\":\"https:\/\/herogragroup.com\/#website\",\"url\":\"https:\/\/herogragroup.com\/\",\"name\":\"Herogragroup\",\"description\":\"Grupo Herogra\",\"potentialAction\":[{\"@type\":\"SearchAction\",\"target\":{\"@type\":\"EntryPoint\",\"urlTemplate\":\"https:\/\/herogragroup.com\/?s={search_term_string}\"},\"query-input\":{\"@type\":\"PropertyValueSpecification\",\"valueRequired\":true,\"valueName\":\"search_term_string\"}}],\"inLanguage\":\"en-US\"}]}<\/script>\n<!-- \/ Yoast SEO plugin. -->","yoast_head_json":{"title":"Press - Herogragroup","robots":{"index":"index","follow":"follow","max-snippet":"max-snippet:-1","max-image-preview":"max-image-preview:large","max-video-preview":"max-video-preview:-1"},"canonical":"https:\/\/herogragroup.com\/en\/press\/","og_locale":"en_US","og_type":"article","og_title":"Press - Herogragroup","og_description":"[vc_section][vc_row][vc_column][vc_empty_space height=&#8221;100px&#8221;][g5plus_heading align=&#8221;text-center&#8221; google_fonts=&#8221;font_family:Montserrat%3Aregular%2C700|font_style:700%20bold%20regular%3A700%3Anormal&#8221; use_theme_fonts=&#8221;true&#8221; title=&#8221;Press&#8221; des_title=&#8221;Would you like to be part of our communication strategy?&#8221; fs=&#8221;54&#8243;][\/vc_column][\/vc_row][\/vc_section][vc_section][vc_row gap=&#8221;15&#8243;][vc_column css=&#8221;.vc_custom_1592319648101{border-top-width: 1px !important;border-right-width: 1px !important;border-bottom-width: 1px !important;border-left-width: 1px !important;padding-top: 1px !important;padding-right: 1px !important;padding-bottom: 1px !important;padding-left: 1px !important;background-color: #ffffff !important;border-left-color: #96b1a8 !important;border-left-style: solid !important;border-right-color: #96b1a8 !important;border-right-style: solid !important;border-top-color: #96b1a8 !important;border-top-style: solid !important;border-bottom-color: #96b1a8 !important;border-bottom-style: solid !important;}&#8221; offset=&#8221;vc_col-lg-offset-4 vc_col-lg-4 [&hellip;]","og_url":"https:\/\/herogragroup.com\/en\/press\/","og_site_name":"Herogragroup","article_modified_time":"2023-07-05T10:08:08+00:00","twitter_card":"summary_large_image","twitter_misc":{"Est. reading time":"6 minutes"},"schema":{"@context":"https:\/\/schema.org","@graph":[{"@type":"WebPage","@id":"https:\/\/herogragroup.com\/en\/press\/","url":"https:\/\/herogragroup.com\/en\/press\/","name":"Press - Herogragroup","isPartOf":{"@id":"https:\/\/herogragroup.com\/#website"},"datePublished":"2020-05-22T08:58:39+00:00","dateModified":"2023-07-05T10:08:08+00:00","breadcrumb":{"@id":"https:\/\/herogragroup.com\/en\/press\/#breadcrumb"},"inLanguage":"en-US","potentialAction":[{"@type":"ReadAction","target":["https:\/\/herogragroup.com\/en\/press\/"]}]},{"@type":"BreadcrumbList","@id":"https:\/\/herogragroup.com\/en\/press\/#breadcrumb","itemListElement":[{"@type":"ListItem","position":1,"name":"Portada","item":"https:\/\/herogragroup.com\/en\/"},{"@type":"ListItem","position":2,"name":"Press"}]},{"@type":"WebSite","@id":"https:\/\/herogragroup.com\/#website","url":"https:\/\/herogragroup.com\/","name":"Herogragroup","description":"Grupo Herogra","potentialAction":[{"@type":"SearchAction","target":{"@type":"EntryPoint","urlTemplate":"https:\/\/herogragroup.com\/?s={search_term_string}"},"query-input":{"@type":"PropertyValueSpecification","valueRequired":true,"valueName":"search_term_string"}}],"inLanguage":"en-US"}]}},"_links":{"self":[{"href":"https:\/\/herogragroup.com\/en\/wp-json\/wp\/v2\/pages\/6217"}],"collection":[{"href":"https:\/\/herogragroup.com\/en\/wp-json\/wp\/v2\/pages"}],"about":[{"href":"https:\/\/herogragroup.com\/en\/wp-json\/wp\/v2\/types\/page"}],"author":[{"embeddable":true,"href":"https:\/\/herogragroup.com\/en\/wp-json\/wp\/v2\/users\/1"}],"replies":[{"embeddable":true,"href":"https:\/\/herogragroup.com\/en\/wp-json\/wp\/v2\/comments?post=6217"}],"version-history":[{"count":7,"href":"https:\/\/herogragroup.com\/en\/wp-json\/wp\/v2\/pages\/6217\/revisions"}],"predecessor-version":[{"id":6581,"href":"https:\/\/herogragroup.com\/en\/wp-json\/wp\/v2\/pages\/6217\/revisions\/6581"}],"wp:attachment":[{"href":"https:\/\/herogragroup.com\/en\/wp-json\/wp\/v2\/media?parent=6217"}],"curies":[{"name":"wp","href":"https:\/\/api.w.org\/{rel}","templated":true}]}}